{"id":6082,"date":"2021-05-16T19:22:45","date_gmt":"2021-05-16T17:22:45","guid":{"rendered":"http:\/\/www.dev.centreplage.com\/?page_id=6082"},"modified":"2021-05-16T19:49:59","modified_gmt":"2021-05-16T17:49:59","slug":"about","status":"publish","type":"page","link":"https:\/\/www.dev.centreplage.com\/index.php\/language\/en\/about\/","title":{"rendered":"About"},"content":{"rendered":"\t\t<div data-elementor-type=\"wp-page\" data-elementor-id=\"6082\" class=\"elementor elementor-6082\" data-elementor-settings=\"[]\">\n\t\t\t\t\t\t\t<div class=\"elementor-section-wrap\">\n\t\t\t\t\t\t\t<section class=\"elementor-section elementor-top-section elementor-element elementor-element-55bc024 elementor-section-full_width qodef-elementor-content-grid elementor-section-height-default elementor-section-height-default\" data-id=\"55bc024\" data-element_type=\"section\">\n\t\t\t\t\t\t<div class=\"elementor-container elementor-column-gap-no\">\n\t\t\t\t\t<div class=\"elementor-column elementor-col-100 elementor-top-column elementor-element elementor-element-5abf0b6\" data-id=\"5abf0b6\" data-element_type=\"column\">\n\t\t\t<div class=\"elementor-widget-wrap elementor-element-populated\">\n\t\t\t\t\t\t\t\t<div class=\"elementor-element elementor-element-37c9fb4 elementor-widget elementor-widget-heading\" data-id=\"37c9fb4\" data-element_type=\"widget\" data-widget_type=\"heading.default\">\n\t\t\t\t<div class=\"elementor-widget-container\">\n\t\t\t<h2 class=\"elementor-heading-title elementor-size-default\">L'h\u00f4tel centre plage ** d'Argel\u00e8s-sur-mer<\/h2>\t\t<\/div>\n\t\t\t\t<\/div>\n\t\t\t\t<div class=\"elementor-element elementor-element-d1a9672 elementor-widget elementor-widget-text-editor\" data-id=\"d1a9672\" data-element_type=\"widget\" data-widget_type=\"text-editor.default\">\n\t\t\t\t<div class=\"elementor-widget-container\">\n\t\t\t\t\t\t\t\t<p>est <strong><span class=\"ic_color1\">ouvert toute l&rsquo;ann\u00e9e<\/span><\/strong>, et id\u00e9alement situ\u00e9\u00a0<span class=\"ic_color1\"><strong>\u00e0 10<\/strong><\/span><span class=\"ic_color1\"><strong>0 m\u00e8tres de la grande plage<\/strong><\/span>\u00a0et de sa promenade, au coeur de l&rsquo;animation estivale et \u00e0 proximit\u00e9 du port de plaisance (Port Argel\u00e8s).\u00a0<\/p>\t\t\t\t\t\t<\/div>\n\t\t\t\t<\/div>\n\t\t\t\t\t<\/div>\n\t\t<\/div>\n\t\t\t\t\t\t\t<\/div>\n\t\t<\/section>\n\t\t\t\t<section class=\"elementor-section elementor-top-section elementor-element elementor-element-ec2ba33 elementor-section-full_width qodef-elementor-content-grid elementor-section-height-default elementor-section-height-default\" data-id=\"ec2ba33\" data-element_type=\"section\">\n\t\t\t\t\t\t<div class=\"elementor-container elementor-column-gap-no\">\n\t\t\t\t\t<div class=\"elementor-column elementor-col-100 elementor-top-column elementor-element elementor-element-d525d41\" data-id=\"d525d41\" data-element_type=\"column\">\n\t\t\t<div class=\"elementor-widget-wrap elementor-element-populated\">\n\t\t\t\t\t\t\t\t<div class=\"elementor-element elementor-element-3d62002 elementor-widget elementor-widget-shortcode\" data-id=\"3d62002\" data-element_type=\"widget\" data-widget_type=\"shortcode.default\">\n\t\t\t\t<div class=\"elementor-widget-container\">\n\t\t\t\t\t<div class=\"elementor-shortcode\"><iframe loading=\"lazy\" width=\"560\" height=\"500\" src=\"https:\/\/www.youtube.com\/embed\/7ZR7reYG6Lg\" title=\"YouTube video player\" frameborder=\"0\" allow=\"accelerometer; autoplay; clipboard-write; encrypted-media; gyroscope; picture-in-picture\" allowfullscreen><\/iframe><\/div>\n\t\t\t\t<\/div>\n\t\t\t\t<\/div>\n\t\t\t\t\t<\/div>\n\t\t<\/div>\n\t\t\t\t\t\t\t<\/div>\n\t\t<\/section>\n\t\t\t\t<section class=\"elementor-section elementor-top-section elementor-element elementor-element-2732627 elementor-section-full_width elementor-section-height-default elementor-section-height-default qodef-elementor-content-no\" data-id=\"2732627\" data-element_type=\"section\">\n\t\t\t\t\t\t<div class=\"elementor-container elementor-column-gap-no\">\n\t\t\t\t\t<div class=\"elementor-column elementor-col-50 elementor-top-column elementor-element elementor-element-b80b210\" data-id=\"b80b210\" data-element_type=\"column\" data-settings=\"{&quot;background_background&quot;:&quot;classic&quot;}\">\n\t\t\t<div class=\"elementor-widget-wrap elementor-element-populated\">\n\t\t\t\t\t<div class=\"elementor-background-overlay\"><\/div>\n\t\t\t\t\t\t\t\t<div class=\"elementor-element elementor-element-ed964d4 elementor-widget elementor-widget-heading\" data-id=\"ed964d4\" data-element_type=\"widget\" data-widget_type=\"heading.default\">\n\t\t\t\t<div class=\"elementor-widget-container\">\n\t\t\t<h2 class=\"elementor-heading-title elementor-size-default\">Famille<\/h2>\t\t<\/div>\n\t\t\t\t<\/div>\n\t\t\t\t<div class=\"elementor-element elementor-element-99bca31 elementor-widget elementor-widget-text-editor\" data-id=\"99bca31\" data-element_type=\"widget\" data-widget_type=\"text-editor.default\">\n\t\t\t\t<div class=\"elementor-widget-container\">\n\t\t\t\t\t\t\t\t<p><span style=\"font-weight: 400;\">Pour leur faire vivre des aventures qui changent de la routine et se reconnecter avec les siens !<\/span><\/p><p><span style=\"font-weight: 400;\">Ici, ils pourront s\u2019\u00e9merveiller des fonds marins en s\u2019initiant \u00e0 la plong\u00e9e, faire de l\u2019escalade, d\u00e9couvrir les joies du mini-golf, s\u2019amuser au parc de Valmy ou simplement se balader en famille au long de la grande bleue et admirer l\u2019expo de photos g\u00e9antes\u2026<\/span><\/p><p><span style=\"font-weight: 400;\">Pour faciliter la vie des familles, nous proposons des lits b\u00e9b\u00e9 gratuits (selon disponibilit\u00e9), un espace disponible 24\/24 avec un micro-onde pour r\u00e9chauffer les repas des bambins, des jeux et livres pour tous \u00e2ges. Des chambres familiales ou communicantes peuvent vous \u00eatre propos\u00e9es.<\/span><\/p>\t\t\t\t\t\t<\/div>\n\t\t\t\t<\/div>\n\t\t\t\t<div class=\"elementor-element elementor-element-4a4b0ed elementor-widget elementor-widget-image\" data-id=\"4a4b0ed\" data-element_type=\"widget\" data-widget_type=\"image.default\">\n\t\t\t\t<div class=\"elementor-widget-container\">\n\t\t\t\t\t\t\t\t\t\t\t\t\t\t\t<img width=\"150\" height=\"135\" src=\"https:\/\/www.dev.centreplage.com\/wp-content\/uploads\/2021\/05\/FAMILLE-e1620153934731.png\" class=\"attachment-full size-full\" alt=\"logo famille plus\" loading=\"lazy\" \/>\t\t\t\t\t\t\t\t\t\t\t\t\t\t\t<\/div>\n\t\t\t\t<\/div>\n\t\t\t\t\t<\/div>\n\t\t<\/div>\n\t\t\t\t<div class=\"elementor-column elementor-col-50 elementor-top-column elementor-element elementor-element-71f2c32\" data-id=\"71f2c32\" data-element_type=\"column\">\n\t\t\t<div class=\"elementor-widget-wrap elementor-element-populated\">\n\t\t\t\t\t\t\t\t<div class=\"elementor-element elementor-element-2e855ad elementor-widget elementor-widget-image\" data-id=\"2e855ad\" data-element_type=\"widget\" data-widget_type=\"image.default\">\n\t\t\t\t<div class=\"elementor-widget-container\">\n\t\t\t\t\t\t\t\t\t\t\t\t\t\t\t<img width=\"900\" height=\"667\" src=\"https:\/\/www.dev.centreplage.com\/wp-content\/uploads\/2021\/05\/label-famille.jpg\" class=\"attachment-large size-large\" alt=\"label famille\" loading=\"lazy\" srcset=\"https:\/\/www.dev.centreplage.com\/wp-content\/uploads\/2021\/05\/label-famille.jpg 900w, https:\/\/www.dev.centreplage.com\/wp-content\/uploads\/2021\/05\/label-famille-300x222.jpg 300w, https:\/\/www.dev.centreplage.com\/wp-content\/uploads\/2021\/05\/label-famille-768x569.jpg 768w\" sizes=\"(max-width: 900px) 100vw, 900px\" \/>\t\t\t\t\t\t\t\t\t\t\t\t\t\t\t<\/div>\n\t\t\t\t<\/div>\n\t\t\t\t\t<\/div>\n\t\t<\/div>\n\t\t\t\t\t\t\t<\/div>\n\t\t<\/section>\n\t\t\t\t<section class=\"elementor-section elementor-top-section elementor-element elementor-element-4698ac5 elementor-section-full_width elementor-reverse-mobile elementor-section-height-default elementor-section-height-default qodef-elementor-content-no\" data-id=\"4698ac5\" data-element_type=\"section\">\n\t\t\t\t\t\t<div class=\"elementor-container elementor-column-gap-no\">\n\t\t\t\t\t<div class=\"elementor-column elementor-col-50 elementor-top-column elementor-element elementor-element-9e2d21f\" data-id=\"9e2d21f\" data-element_type=\"column\">\n\t\t\t<div class=\"elementor-widget-wrap elementor-element-populated\">\n\t\t\t\t\t\t\t\t<div class=\"elementor-element elementor-element-35f34e6 elementor-widget elementor-widget-image\" data-id=\"35f34e6\" data-element_type=\"widget\" data-widget_type=\"image.default\">\n\t\t\t\t<div class=\"elementor-widget-container\">\n\t\t\t\t\t\t\t\t\t\t\t\t\t\t\t<img width=\"1024\" height=\"682\" src=\"https:\/\/www.dev.centreplage.com\/wp-content\/uploads\/2021\/05\/dog-2785074_1280-1024x682.jpg\" class=\"attachment-large size-large\" alt=\"chien \u00e0 l&#039;hotel\" loading=\"lazy\" srcset=\"https:\/\/www.dev.centreplage.com\/wp-content\/uploads\/2021\/05\/dog-2785074_1280-1024x682.jpg 1024w, https:\/\/www.dev.centreplage.com\/wp-content\/uploads\/2021\/05\/dog-2785074_1280-300x200.jpg 300w, https:\/\/www.dev.centreplage.com\/wp-content\/uploads\/2021\/05\/dog-2785074_1280-768x512.jpg 768w, https:\/\/www.dev.centreplage.com\/wp-content\/uploads\/2021\/05\/dog-2785074_1280.jpg 1280w\" sizes=\"(max-width: 1024px) 100vw, 1024px\" \/>\t\t\t\t\t\t\t\t\t\t\t\t\t\t\t<\/div>\n\t\t\t\t<\/div>\n\t\t\t\t\t<\/div>\n\t\t<\/div>\n\t\t\t\t<div class=\"elementor-column elementor-col-50 elementor-top-column elementor-element elementor-element-f4f35dd\" data-id=\"f4f35dd\" data-element_type=\"column\" data-settings=\"{&quot;background_background&quot;:&quot;classic&quot;}\">\n\t\t\t<div class=\"elementor-widget-wrap elementor-element-populated\">\n\t\t\t\t\t<div class=\"elementor-background-overlay\"><\/div>\n\t\t\t\t\t\t\t\t<div class=\"elementor-element elementor-element-ffc1389 elementor-widget elementor-widget-heading\" data-id=\"ffc1389\" data-element_type=\"widget\" data-widget_type=\"heading.default\">\n\t\t\t\t<div class=\"elementor-widget-container\">\n\t\t\t<h2 class=\"elementor-heading-title elementor-size-default\">Dog-friendly<\/h2>\t\t<\/div>\n\t\t\t\t<\/div>\n\t\t\t\t<div class=\"elementor-element elementor-element-98c6e32 elementor-widget elementor-widget-text-editor\" data-id=\"98c6e32\" data-element_type=\"widget\" data-widget_type=\"text-editor.default\">\n\t\t\t\t<div class=\"elementor-widget-container\">\n\t\t\t\t\t\t\t\t<p><span style=\"font-weight: 400;\">Parce que lui aussi a droit aux vacances, ici, votre chien est accueilli avec le sourire !<\/span><\/p><p><strong>8\u20ac par jour<\/strong><\/p><p><span style=\"font-weight: 400;\">Ici, nous aimons les chiens et nous serions heureux d&rsquo;accueillir votre compagnon \u00e0 4 pattes pour vos vacances sous le soleil ! D&rsquo;ailleurs, chacun de nous \u00e0 une chienne : de Plume, notre Berger Blanc Suisse, \u00e0 Kali, Shiba Inu de la r\u00e9ceptionniste, ou H\u00e9b\u00e9 du veilleur de nuit, adopt\u00e9e \u00e0 la SPA jusqu&rsquo;\u00e0 Punkie, joyeuse chienne de la femme de chambre.<\/span><\/p><p><span style=\"font-weight: 400;\">Nous acceptons bien 2 chiens mais uniquement pour les petits chiens (- 10 Kg). Sinon, nous nous limiterons \u00e0 1 seul toutou.<\/span><\/p><p><span style=\"font-weight: 400;\">Sur place, il y aura bien s\u00fbr quelques petites r\u00e8gles \u00e0 respecter, comme \u00eatre tenus en laisse au sein de l&rsquo;\u00e9tablissement, ou ne pas se rendre dans la salle des petits d\u00e9jeuners par respect pour les autres clients, mais nous aimons les animaux, et votre chien s&rsquo;en rendra vite compte ;).<\/span><\/p>\t\t\t\t\t\t<\/div>\n\t\t\t\t<\/div>\n\t\t\t\t<div class=\"elementor-element elementor-element-a7856c7 elementor-widget elementor-widget-image\" data-id=\"a7856c7\" data-element_type=\"widget\" data-widget_type=\"image.default\">\n\t\t\t\t<div class=\"elementor-widget-container\">\n\t\t\t\t\t\t\t\t\t\t\t\t\t\t\t<img width=\"150\" height=\"150\" src=\"https:\/\/www.dev.centreplage.com\/wp-content\/uploads\/2021\/05\/EmmeneTonChien.com-logo-2-truffes-150x150.png\" class=\"attachment-thumbnail size-thumbnail\" alt=\"logo-emmene-ton-chien\" loading=\"lazy\" srcset=\"https:\/\/www.dev.centreplage.com\/wp-content\/uploads\/2021\/05\/EmmeneTonChien.com-logo-2-truffes-150x150.png 150w, https:\/\/www.dev.centreplage.com\/wp-content\/uploads\/2021\/05\/EmmeneTonChien.com-logo-2-truffes-300x300.png 300w, https:\/\/www.dev.centreplage.com\/wp-content\/uploads\/2021\/05\/EmmeneTonChien.com-logo-2-truffes.png 650w\" sizes=\"(max-width: 150px) 100vw, 150px\" \/>\t\t\t\t\t\t\t\t\t\t\t\t\t\t\t<\/div>\n\t\t\t\t<\/div>\n\t\t\t\t\t<\/div>\n\t\t<\/div>\n\t\t\t\t\t\t\t<\/div>\n\t\t<\/section>\n\t\t\t\t<section class=\"elementor-section elementor-top-section elementor-element elementor-element-170cf8f elementor-section-full_width elementor-section-height-default elementor-section-height-default qodef-elementor-content-no\" data-id=\"170cf8f\" data-element_type=\"section\">\n\t\t\t\t\t\t<div class=\"elementor-container elementor-column-gap-no\">\n\t\t\t\t\t<div class=\"elementor-column elementor-col-50 elementor-top-column elementor-element elementor-element-e957eb1\" data-id=\"e957eb1\" data-element_type=\"column\">\n\t\t\t<div class=\"elementor-widget-wrap elementor-element-populated\">\n\t\t\t\t\t\t\t\t<div class=\"elementor-element elementor-element-081098c elementor-widget elementor-widget-heading\" data-id=\"081098c\" data-element_type=\"widget\" data-widget_type=\"heading.default\">\n\t\t\t\t<div class=\"elementor-widget-container\">\n\t\t\t<h2 class=\"elementor-heading-title elementor-size-default\">Petit-d\u00e9jeuner<\/h2>\t\t<\/div>\n\t\t\t\t<\/div>\n\t\t\t\t<div class=\"elementor-element elementor-element-df974b1 elementor-widget elementor-widget-text-editor\" data-id=\"df974b1\" data-element_type=\"widget\" data-widget_type=\"text-editor.default\">\n\t\t\t\t<div class=\"elementor-widget-container\">\n\t\t\t\t\t\t\t\t<p><span style=\"font-weight: 400;\">Venez savourer un petit d\u00e9jeuner buffet \u00e9quilibr\u00e9, avec des produits s\u00e9lectionn\u00e9s avec soin pour bien commencer votre journ\u00e9e !\u00a0<\/span><\/p><p><span style=\"font-weight: 400;\">Avec une s\u00e9lection sans gluten ou sans lactose pour que chacun puisse en profiter\u2026<\/span><\/p>\t\t\t\t\t\t<\/div>\n\t\t\t\t<\/div>\n\t\t\t\t<div class=\"elementor-element elementor-element-d3133e3 elementor-widget elementor-widget-text-editor\" data-id=\"d3133e3\" data-element_type=\"widget\" data-widget_type=\"text-editor.default\">\n\t\t\t\t<div class=\"elementor-widget-container\">\n\t\t\t\t\t\t\t\t<p><strong>Tarifs\u00a0<\/strong><\/p><ul><li style=\"font-weight: 400;\" aria-level=\"1\"><span style=\"font-weight: 400;\">Adulte et enfant de plus de 10 ans : 8.60 \u20ac<\/span><\/li><li style=\"font-weight: 400;\" aria-level=\"1\"><span style=\"font-weight: 400;\">Enfant de moins de 10 ans : 4 \u20ac<\/span><\/li><li style=\"font-weight: 400;\" aria-level=\"1\"><span style=\"font-weight: 400;\">Enfant de moins de 4 ans : offert<\/span><\/li><\/ul><p>\u00a0<\/p><p><strong>Horaires<\/strong><\/p><p><span style=\"font-weight: 400;\">Les petits d\u00e9jeuners sont servis de 7h30 \u00e0 10 h en semaine, de 8 h \u00e0 11 h le week-end et en juillet et ao\u00fbt.<\/span><\/p><p><span style=\"font-weight: 400;\">Vous souhaitez prendre votre petit d\u00e9jeuner \u00e0 des heures diff\u00e9rentes ? N&rsquo;h\u00e9sitez pas \u00e0 nous le demander, nous ferons de notre mieux pour vous satisfaire.<\/span><\/p>\t\t\t\t\t\t<\/div>\n\t\t\t\t<\/div>\n\t\t\t\t\t<\/div>\n\t\t<\/div>\n\t\t\t\t<div class=\"elementor-column elementor-col-50 elementor-top-column elementor-element elementor-element-288807a\" data-id=\"288807a\" data-element_type=\"column\">\n\t\t\t<div class=\"elementor-widget-wrap elementor-element-populated\">\n\t\t\t\t\t\t\t\t<div class=\"elementor-element elementor-element-630cee4 elementor-widget elementor-widget-image\" data-id=\"630cee4\" data-element_type=\"widget\" data-widget_type=\"image.default\">\n\t\t\t\t<div class=\"elementor-widget-container\">\n\t\t\t\t\t\t\t\t\t\t\t\t\t\t\t<img width=\"650\" height=\"441\" src=\"https:\/\/www.dev.centreplage.com\/wp-content\/uploads\/2021\/05\/petit-dejeuner.jpg\" class=\"attachment-large size-large\" alt=\"petit dejeuner de l&#039;h\u00f4tel\" loading=\"lazy\" srcset=\"https:\/\/www.dev.centreplage.com\/wp-content\/uploads\/2021\/05\/petit-dejeuner.jpg 650w, https:\/\/www.dev.centreplage.com\/wp-content\/uploads\/2021\/05\/petit-dejeuner-300x204.jpg 300w\" sizes=\"(max-width: 650px) 100vw, 650px\" \/>\t\t\t\t\t\t\t\t\t\t\t\t\t\t\t<\/div>\n\t\t\t\t<\/div>\n\t\t\t\t\t<\/div>\n\t\t<\/div>\n\t\t\t\t\t\t\t<\/div>\n\t\t<\/section>\n\t\t\t\t<section class=\"elementor-section elementor-top-section elementor-element elementor-element-df11c72 elementor-section-full_width qodef-elementor-content-grid elementor-section-height-default elementor-section-height-default\" data-id=\"df11c72\" data-element_type=\"section\">\n\t\t\t\t\t\t<div class=\"elementor-container elementor-column-gap-no\">\n\t\t\t\t\t<div class=\"elementor-column elementor-col-33 elementor-top-column elementor-element elementor-element-9063b71\" data-id=\"9063b71\" data-element_type=\"column\">\n\t\t\t<div class=\"elementor-widget-wrap elementor-element-populated\">\n\t\t\t\t\t\t\t\t<div class=\"elementor-element elementor-element-51ce903 elementor-widget elementor-widget-alloggio_core_banner\" data-id=\"51ce903\" data-element_type=\"widget\" data-widget_type=\"alloggio_core_banner.default\">\n\t\t\t\t<div class=\"elementor-widget-container\">\n\t\t\t<div class=\"qodef-shortcode qodef-m  qodef-banner qodef-layout--link-overlay  \">\n\t<div class=\"qodef-m-image\">\n\t<img width=\"640\" height=\"426\" src=\"https:\/\/www.dev.centreplage.com\/wp-content\/uploads\/2021\/05\/croissants-569075_640.jpg\" class=\"attachment-full size-full\" alt=\"aliment du petit-d\u00e9jeuner\" loading=\"lazy\" srcset=\"https:\/\/www.dev.centreplage.com\/wp-content\/uploads\/2021\/05\/croissants-569075_640.jpg 640w, https:\/\/www.dev.centreplage.com\/wp-content\/uploads\/2021\/05\/croissants-569075_640-300x200.jpg 300w\" sizes=\"(max-width: 640px) 100vw, 640px\" \/>\t<a itemprop=\"url\" href=\"\" class=\"qodef-m-banner-link\" target=\"_self\"><\/a>\n<\/div>\t<div class=\"qodef-m-content\">\n\t\t<div class=\"qodef-m-content-inner\" style=\"padding: 36p 36px 50px\">\n\t\t\t<div class=\"qodef-m-content-inner-background\" style=\"background-color: #F6F3EA94\"><\/div>\n\t\t\t<div class=\"qodef-m-content-inner-holder\">\n\t\t\t\t\t<h5 class=\"qodef-m-title\" style=\"color: #353535\">Confiture du Val de Sournia<\/h5>\n\t\t\t\t\t\t\t\t\t\t\t\t<a itemprop=\"url\" href=\"\" class=\"qodef-m-banner-link\" target=\"_self\"><\/a>\n\t\t\t<\/div>\n\t\t\t<a itemprop=\"url\" href=\"\" class=\"qodef-m-banner-link\" target=\"_self\"><\/a>\n\t\t<\/div>\n\t<\/div>\n<\/div>\n\t\t<\/div>\n\t\t\t\t<\/div>\n\t\t\t\t\t<\/div>\n\t\t<\/div>\n\t\t\t\t<div class=\"elementor-column elementor-col-33 elementor-top-column elementor-element elementor-element-37a4ccf\" data-id=\"37a4ccf\" data-element_type=\"column\">\n\t\t\t<div class=\"elementor-widget-wrap elementor-element-populated\">\n\t\t\t\t\t\t\t\t<div class=\"elementor-element elementor-element-786ebb7 elementor-widget elementor-widget-alloggio_core_banner\" data-id=\"786ebb7\" data-element_type=\"widget\" data-widget_type=\"alloggio_core_banner.default\">\n\t\t\t\t<div class=\"elementor-widget-container\">\n\t\t\t<div class=\"qodef-shortcode qodef-m  qodef-banner qodef-layout--link-overlay  \">\n\t<div class=\"qodef-m-image\">\n\t<img width=\"640\" height=\"426\" src=\"https:\/\/www.dev.centreplage.com\/wp-content\/uploads\/2021\/05\/honey-752145_640.jpg\" class=\"attachment-full size-full\" alt=\"miel local\" loading=\"lazy\" srcset=\"https:\/\/www.dev.centreplage.com\/wp-content\/uploads\/2021\/05\/honey-752145_640.jpg 640w, https:\/\/www.dev.centreplage.com\/wp-content\/uploads\/2021\/05\/honey-752145_640-300x200.jpg 300w\" sizes=\"(max-width: 640px) 100vw, 640px\" \/>\t<a itemprop=\"url\" href=\"\" class=\"qodef-m-banner-link\" target=\"_self\"><\/a>\n<\/div>\t<div class=\"qodef-m-content\">\n\t\t<div class=\"qodef-m-content-inner\" style=\"padding: 36p 36px 50px\">\n\t\t\t<div class=\"qodef-m-content-inner-background\" style=\"background-color: #F6F3EA94\"><\/div>\n\t\t\t<div class=\"qodef-m-content-inner-holder\">\n\t\t\t\t\t<h5 class=\"qodef-m-title\" >Miel bio et local des Pyr\u00e9n\u00e9es Orientales<\/h5>\n\t\t\t\t\t\t\t\t\t\t\t\t<a itemprop=\"url\" href=\"\" class=\"qodef-m-banner-link\" target=\"_self\"><\/a>\n\t\t\t<\/div>\n\t\t\t<a itemprop=\"url\" href=\"\" class=\"qodef-m-banner-link\" target=\"_self\"><\/a>\n\t\t<\/div>\n\t<\/div>\n<\/div>\n\t\t<\/div>\n\t\t\t\t<\/div>\n\t\t\t\t\t<\/div>\n\t\t<\/div>\n\t\t\t\t<div class=\"elementor-column elementor-col-33 elementor-top-column elementor-element elementor-element-7cbdf9b\" data-id=\"7cbdf9b\" data-element_type=\"column\">\n\t\t\t<div class=\"elementor-widget-wrap elementor-element-populated\">\n\t\t\t\t\t\t\t\t<div class=\"elementor-element elementor-element-1af65ad elementor-widget elementor-widget-alloggio_core_banner\" data-id=\"1af65ad\" data-element_type=\"widget\" data-widget_type=\"alloggio_core_banner.default\">\n\t\t\t\t<div class=\"elementor-widget-container\">\n\t\t\t<div class=\"qodef-shortcode qodef-m  qodef-banner qodef-layout--link-overlay  \">\n\t<div class=\"qodef-m-image\">\n\t<img width=\"640\" height=\"429\" src=\"https:\/\/www.dev.centreplage.com\/wp-content\/uploads\/2021\/05\/bread-1460399_640.jpg\" class=\"attachment-full size-full\" alt=\"pain sans gluten\" loading=\"lazy\" srcset=\"https:\/\/www.dev.centreplage.com\/wp-content\/uploads\/2021\/05\/bread-1460399_640.jpg 640w, https:\/\/www.dev.centreplage.com\/wp-content\/uploads\/2021\/05\/bread-1460399_640-300x201.jpg 300w\" sizes=\"(max-width: 640px) 100vw, 640px\" \/>\t<a itemprop=\"url\" href=\"\" class=\"qodef-m-banner-link\" target=\"_self\"><\/a>\n<\/div>\t<div class=\"qodef-m-content\">\n\t\t<div class=\"qodef-m-content-inner\" style=\"padding: 36p 36px 50px\">\n\t\t\t<div class=\"qodef-m-content-inner-background\" style=\"background-color: #F6F3EA94\"><\/div>\n\t\t\t<div class=\"qodef-m-content-inner-holder\">\n\t\t\t\t\t<h5 class=\"qodef-m-title\" >S\u00e9lection sans gluten et lactose<\/h5>\n\t\t\t\t\t\t\t\t\t\t\t\t<a itemprop=\"url\" href=\"\" class=\"qodef-m-banner-link\" target=\"_self\"><\/a>\n\t\t\t<\/div>\n\t\t\t<a itemprop=\"url\" href=\"\" class=\"qodef-m-banner-link\" target=\"_self\"><\/a>\n\t\t<\/div>\n\t<\/div>\n<\/div>\n\t\t<\/div>\n\t\t\t\t<\/div>\n\t\t\t\t\t<\/div>\n\t\t<\/div>\n\t\t\t\t\t\t\t<\/div>\n\t\t<\/section>\n\t\t\t\t<section class=\"elementor-section elementor-top-section elementor-element elementor-element-5ea5a80 elementor-section-boxed elementor-section-height-default elementor-section-height-default qodef-elementor-content-no\" data-id=\"5ea5a80\" data-element_type=\"section\">\n\t\t\t\t\t\t<div class=\"elementor-container elementor-column-gap-no\">\n\t\t\t\t\t<div class=\"elementor-column elementor-col-50 elementor-top-column elementor-element elementor-element-65b698c\" data-id=\"65b698c\" data-element_type=\"column\">\n\t\t\t<div class=\"elementor-widget-wrap elementor-element-populated\">\n\t\t\t\t\t\t\t\t<div class=\"elementor-element elementor-element-9475c46 elementor-widget elementor-widget-text-editor\" data-id=\"9475c46\" data-element_type=\"widget\" data-widget_type=\"text-editor.default\">\n\t\t\t\t<div class=\"elementor-widget-container\">\n\t\t\t\t\t\t\t\t<ul><li style=\"font-weight: 400;\" aria-level=\"1\"><span style=\"font-weight: 400;\">Caf\u00e9 et th\u00e9 bio et \/ ou \u00e9quitables<\/span><\/li><li style=\"font-weight: 400;\" aria-level=\"1\"><span style=\"font-weight: 400;\">Chocolat\u00a0<\/span><\/li><li style=\"font-weight: 400;\" aria-level=\"1\"><span style=\"font-weight: 400;\">Cappuccino<\/span><\/li><li style=\"font-weight: 400;\" aria-level=\"1\"><span style=\"font-weight: 400;\">Jus d&rsquo;orange 100 % jus de fruit bio<\/span><\/li><li style=\"font-weight: 400;\" aria-level=\"1\"><span style=\"font-weight: 400;\">Lait\u00a0 bio<\/span><\/li><li style=\"font-weight: 400;\" aria-level=\"1\"><span style=\"font-weight: 400;\">Laits v\u00e9g\u00e9taux bio<\/span><\/li><li style=\"font-weight: 400;\" aria-level=\"1\"><span style=\"font-weight: 400;\">Pain et\u00a0 viennoiseries<\/span><\/li><li style=\"font-weight: 400;\" aria-level=\"1\"><span style=\"font-weight: 400;\">Fruits de saison du march\u00e9 locaux<\/span><\/li><li style=\"font-weight: 400;\" aria-level=\"1\"><span style=\"font-weight: 400;\">C\u00e9r\u00e9ales bio<\/span><\/li><li style=\"font-weight: 400;\" aria-level=\"1\"><span style=\"font-weight: 400;\">Oeufs bio et locaux<\/span><\/li><li style=\"font-weight: 400;\" aria-level=\"1\"><span style=\"font-weight: 400;\">Compotes<\/span><\/li><li style=\"font-weight: 400;\" aria-level=\"1\"><span style=\"font-weight: 400;\">Tartines craquantes bio\u00a0<\/span><\/li><li style=\"font-weight: 400;\" aria-level=\"1\"><span style=\"font-weight: 400;\">Yaourts bio natures et aux fruits\u00a0<\/span><\/li><li style=\"font-weight: 400;\" aria-level=\"1\"><span style=\"font-weight: 400;\">Fromage<\/span><\/li><li style=\"font-weight: 400;\" aria-level=\"1\"><span style=\"font-weight: 400;\">Jambon<\/span><\/li><\/ul>\t\t\t\t\t\t<\/div>\n\t\t\t\t<\/div>\n\t\t\t\t\t<\/div>\n\t\t<\/div>\n\t\t\t\t<div class=\"elementor-column elementor-col-50 elementor-top-column elementor-element elementor-element-d8ac77c\" data-id=\"d8ac77c\" data-element_type=\"column\">\n\t\t\t<div class=\"elementor-widget-wrap elementor-element-populated\">\n\t\t\t\t\t\t\t\t<div class=\"elementor-element elementor-element-01b9e44 elementor-widget elementor-widget-text-editor\" data-id=\"01b9e44\" data-element_type=\"widget\" data-widget_type=\"text-editor.default\">\n\t\t\t\t<div class=\"elementor-widget-container\">\n\t\t\t\t\t\t\t\t<ul><li><span style=\"font-weight: 400;\">Confiture bio, locale et solidaire<\/span><\/li><\/ul><p>La confiture du Val de Sournia provient d\u2019un village des Fenouill\u00e8des de notre beau d\u00e9partement. Elle est produite dans la pure tradition de la confiturerie artisanale : une cuisson au chaudron \u00e0 feux doux, en culture biologique certifi\u00e9e et riche en fruits. Et, ce qui nous tient \u00e0 coeur, une d\u00e9marche sociale et solidaire. En effet depuis plus de 20 ans, la confiturerie est un atelier faisant partie int\u00e9grante de l\u2019Etablissement et Services d\u2019Aide par le Travail (ESAT) \u00ab <a href=\"http:\/\/vds-asso.fr\/Presentation-de-l-E-S-A-T\"><span>Les Ateliers du Val de Sournia<\/span><\/a><span> \u00bb. L\u2019objectif \u00e9tant de faire acc\u00e9der \u00e0 une vie professionnelle des personnes handicap\u00e9es.<\/span><\/p><ul><li style=\"font-weight: 400;\" aria-level=\"1\"><span style=\"font-weight: 400;\">Miel bio et local<\/span><\/li><\/ul><p><span style=\"font-weight: 400;\">Install\u00e9 dans la vall\u00e9e de la Rotj\u00e0, dans les Pyr\u00e9n\u00e9es Orientales, Jean-Luc VERDAGUER produit du miel de romarin, de garrigue et de ch\u00e2taignier bio et 100% local. <\/span><\/p>\t\t\t\t\t\t<\/div>\n\t\t\t\t<\/div>\n\t\t\t\t\t<\/div>\n\t\t<\/div>\n\t\t\t\t\t\t\t<\/div>\n\t\t<\/section>\n\t\t\t\t<section class=\"elementor-section elementor-top-section elementor-element elementor-element-d1a7f9c elementor-section-boxed elementor-section-height-default elementor-section-height-default qodef-elementor-content-no\" data-id=\"d1a7f9c\" data-element_type=\"section\">\n\t\t\t\t\t\t<div class=\"elementor-container elementor-column-gap-default\">\n\t\t\t\t\t<div class=\"elementor-column elementor-col-100 elementor-top-column elementor-element elementor-element-31f51da\" data-id=\"31f51da\" data-element_type=\"column\">\n\t\t\t<div class=\"elementor-widget-wrap elementor-element-populated\">\n\t\t\t\t\t\t\t\t<div class=\"elementor-element elementor-element-062fd5d elementor-widget elementor-widget-image-carousel\" data-id=\"062fd5d\" data-element_type=\"widget\" data-settings=\"{&quot;slides_to_show&quot;:&quot;3&quot;,&quot;slides_to_scroll&quot;:&quot;3&quot;,&quot;navigation&quot;:&quot;none&quot;,&quot;autoplay&quot;:&quot;yes&quot;,&quot;pause_on_hover&quot;:&quot;yes&quot;,&quot;pause_on_interaction&quot;:&quot;yes&quot;,&quot;autoplay_speed&quot;:5000,&quot;infinite&quot;:&quot;yes&quot;,&quot;speed&quot;:500}\" data-widget_type=\"image-carousel.default\">\n\t\t\t\t<div class=\"elementor-widget-container\">\n\t\t\t\t\t<div class=\"elementor-image-carousel-wrapper swiper-container\" dir=\"ltr\">\n\t\t\t<div class=\"elementor-image-carousel swiper-wrapper\">\n\t\t\t\t<div class=\"swiper-slide\"><figure class=\"swiper-slide-inner\"><img class=\"swiper-slide-image\" src=\"https:\/\/www.dev.centreplage.com\/wp-content\/uploads\/2021\/05\/Logo-Bio-150x150.jpg\" alt=\"Logo-Bio\" \/><\/figure><\/div><div class=\"swiper-slide\"><figure class=\"swiper-slide-inner\"><img class=\"swiper-slide-image\" src=\"https:\/\/www.dev.centreplage.com\/wp-content\/uploads\/2021\/05\/produits-re\u0301gionaux-150x150.png\" alt=\"produits re\u0301gionaux\" \/><\/figure><\/div><div class=\"swiper-slide\"><figure class=\"swiper-slide-inner\"><img class=\"swiper-slide-image\" src=\"https:\/\/www.dev.centreplage.com\/wp-content\/uploads\/2021\/05\/EQUITABLE-150x150.png\" alt=\"EQUITABLE\" \/><\/figure><\/div>\t\t\t<\/div>\n\t\t\t\t\t\t\t\t\t\t\t\t\t\t\t\t<\/div>\n\t\t\t\t<\/div>\n\t\t\t\t<\/div>\n\t\t\t\t\t<\/div>\n\t\t<\/div>\n\t\t\t\t\t\t\t<\/div>\n\t\t<\/section>\n\t\t\t\t<section class=\"elementor-section elementor-top-section elementor-element elementor-element-65fbc90 elementor-section-full_width qodef-elementor-content-grid elementor-section-height-default elementor-section-height-default\" data-id=\"65fbc90\" data-element_type=\"section\">\n\t\t\t\t\t\t<div class=\"elementor-container elementor-column-gap-no\">\n\t\t\t\t\t<div class=\"elementor-column elementor-col-33 elementor-top-column elementor-element elementor-element-b2fb760\" data-id=\"b2fb760\" data-element_type=\"column\">\n\t\t\t<div class=\"elementor-widget-wrap elementor-element-populated\">\n\t\t\t\t\t\t\t\t<div class=\"elementor-element elementor-element-1135498 elementor-widget elementor-widget-heading\" data-id=\"1135498\" data-element_type=\"widget\" data-widget_type=\"heading.default\">\n\t\t\t\t<div class=\"elementor-widget-container\">\n\t\t\t<h2 class=\"elementor-heading-title elementor-size-default\">La demi-pension<\/h2>\t\t<\/div>\n\t\t\t\t<\/div>\n\t\t\t\t<div class=\"elementor-element elementor-element-effb4a9 elementor-widget elementor-widget-text-editor\" data-id=\"effb4a9\" data-element_type=\"widget\" data-widget_type=\"text-editor.default\">\n\t\t\t\t<div class=\"elementor-widget-container\">\n\t\t\t\t\t\t\t\t<p>Pourquoi ne pas se retrouver pour un moment de d\u00e9gustation bienvenu autour d\u2019une table de l\u2019un de nos restaurants partenaires.<\/p>\t\t\t\t\t\t<\/div>\n\t\t\t\t<\/div>\n\t\t\t\t\t<\/div>\n\t\t<\/div>\n\t\t\t\t<div class=\"elementor-column elementor-col-66 elementor-top-column elementor-element elementor-element-83447ef\" data-id=\"83447ef\" data-element_type=\"column\">\n\t\t\t<div class=\"elementor-widget-wrap elementor-element-populated\">\n\t\t\t\t\t\t\t\t<div class=\"elementor-element elementor-element-28a8ac8 elementor-widget elementor-widget-alloggio_core_dropcaps\" data-id=\"28a8ac8\" data-element_type=\"widget\" data-widget_type=\"alloggio_core_dropcaps.default\">\n\t\t\t\t<div class=\"elementor-widget-container\">\n\t\t\t<div class=\"qodef-shortcode qodef-m  qodef-dropcaps qodef-type--simple\">\n\t<span class=\"qodef-m-letter\" >N<\/span>\n\t\t\t<p class=\"qodef-m-text\" >ous avons s\u00e9lectionn\u00e9 des \u00e9tablissements ouverts une grande partie de l\u2019ann\u00e9e (comme nous !) et dont nos clients nous disent du bien. Aussi, nous sommes friands de vos avis.\nLa demi-pension comprend le petit d\u00e9jeuner servi \u00e0 l\u2019h\u00f4tel et un repas, d\u00e9jeuner ou d\u00eener (g\u00e9n\u00e9ralement, une entr\u00e9e, un plat et un dessert - hors boisson) dans un restaurant partenaire. Vous \u00eates absolument libre de choisir le restaurant dans la liste que nous vous proposons et d\u2019en changer - ou pas. <\/p>\n\t<\/div>\t\t<\/div>\n\t\t\t\t<\/div>\n\t\t\t\t<div class=\"elementor-element elementor-element-5d7bdde elementor-widget elementor-widget-text-editor\" data-id=\"5d7bdde\" data-element_type=\"widget\" data-widget_type=\"text-editor.default\">\n\t\t\t\t<div class=\"elementor-widget-container\">\n\t\t\t\t\t\t\t\t<p><strong>Tarifs<\/strong><\/p><ul><li style=\"font-weight: 400;\" aria-level=\"1\"><span style=\"font-weight: 400;\">Adulte et enfant de plus de 12 ans : 23 \u20ac<\/span><\/li><\/ul><p><span style=\"font-weight: 400;\">Pas de demi-pension pour les p\u2019tits loups qui ne mangent pas (encore !) comme les grands.<\/span><\/p>\t\t\t\t\t\t<\/div>\n\t\t\t\t<\/div>\n\t\t\t\t\t<\/div>\n\t\t<\/div>\n\t\t\t\t\t\t\t<\/div>\n\t\t<\/section>\n\t\t\t\t<section class=\"elementor-section elementor-top-section elementor-element elementor-element-dd190b1 elementor-section-boxed elementor-section-height-default elementor-section-height-default qodef-elementor-content-no\" data-id=\"dd190b1\" data-element_type=\"section\">\n\t\t\t\t\t\t<div class=\"elementor-container elementor-column-gap-default\">\n\t\t\t\t\t<div class=\"elementor-column elementor-col-100 elementor-top-column elementor-element elementor-element-6a78887\" data-id=\"6a78887\" data-element_type=\"column\">\n\t\t\t<div class=\"elementor-widget-wrap elementor-element-populated\">\n\t\t\t\t\t\t\t\t<div class=\"elementor-element elementor-element-7db2b39 elementor-widget elementor-widget-heading\" data-id=\"7db2b39\" data-element_type=\"widget\" data-widget_type=\"heading.default\">\n\t\t\t\t<div class=\"elementor-widget-container\">\n\t\t\t<h2 class=\"elementor-heading-title elementor-size-default\">Et aussi ..<\/h2>\t\t<\/div>\n\t\t\t\t<\/div>\n\t\t\t\t<div class=\"elementor-element elementor-element-52b0391 elementor-widget elementor-widget-text-editor\" data-id=\"52b0391\" data-element_type=\"widget\" data-widget_type=\"text-editor.default\">\n\t\t\t\t<div class=\"elementor-widget-container\">\n\t\t\t\t\t\t\t\t<p>D\u00e9couvrez les transports pour venir \u00e0 Argel\u00e8s-sur-mer.<\/p>\t\t\t\t\t\t<\/div>\n\t\t\t\t<\/div>\n\t\t\t\t<div class=\"elementor-element elementor-element-641187f elementor-widget elementor-widget-toggle\" data-id=\"641187f\" data-element_type=\"widget\" data-widget_type=\"toggle.default\">\n\t\t\t\t<div class=\"elementor-widget-container\">\n\t\t\t\t\t<div class=\"elementor-toggle\" role=\"tablist\">\n\t\t\t\t\t\t\t<div class=\"elementor-toggle-item\">\n\t\t\t\t\t<div id=\"elementor-tab-title-1041\" class=\"elementor-tab-title\" data-tab=\"1\" role=\"tab\" aria-controls=\"elementor-tab-content-1041\" aria-expanded=\"false\">\n\t\t\t\t\t\t\t\t\t\t\t\t<span class=\"elementor-toggle-icon elementor-toggle-icon-left\" aria-hidden=\"true\">\n\t\t\t\t\t\t\t\t\t\t\t\t\t\t\t<span class=\"elementor-toggle-icon-closed\"><i class=\"fas fa-caret-right\"><\/i><\/span>\n\t\t\t\t\t\t\t\t<span class=\"elementor-toggle-icon-opened\"><i class=\"elementor-toggle-icon-opened fas fa-caret-up\"><\/i><\/span>\n\t\t\t\t\t\t\t\t\t\t\t\t\t<\/span>\n\t\t\t\t\t\t\t\t\t\t\t\t<a href=\"\" class=\"elementor-toggle-title\">Avion<\/a>\n\t\t\t\t\t<\/div>\n\t\t\t\t\t<div id=\"elementor-tab-content-1041\" class=\"elementor-tab-content elementor-clearfix\" data-tab=\"1\" role=\"tabpanel\" aria-labelledby=\"elementor-tab-title-1041\"><p>A\u00e9roport de Perpignan-Rivesaltes \u00e0 25 Km d&rsquo;Argel\u00e8s :\u00a004.68.52.60.70<\/p><ul><li>Air France : 3654<\/li><li>Ryanair : 08.99.19.47.47<\/li><\/ul><p>A\u00e9roport de G\u00e9rone (Espagne) \u00e0 90 Km d&rsquo;Argel\u00e8s<\/p><p>Navettes bus et location de voitures<\/p><ul><li>Ryanair : 08 99 19 47 47<\/li><\/ul><\/div>\n\t\t\t\t<\/div>\n\t\t\t\t\t\t\t<div class=\"elementor-toggle-item\">\n\t\t\t\t\t<div id=\"elementor-tab-title-1042\" class=\"elementor-tab-title\" data-tab=\"2\" role=\"tab\" aria-controls=\"elementor-tab-content-1042\" aria-expanded=\"false\">\n\t\t\t\t\t\t\t\t\t\t\t\t<span class=\"elementor-toggle-icon elementor-toggle-icon-left\" aria-hidden=\"true\">\n\t\t\t\t\t\t\t\t\t\t\t\t\t\t\t<span class=\"elementor-toggle-icon-closed\"><i class=\"fas fa-caret-right\"><\/i><\/span>\n\t\t\t\t\t\t\t\t<span class=\"elementor-toggle-icon-opened\"><i class=\"elementor-toggle-icon-opened fas fa-caret-up\"><\/i><\/span>\n\t\t\t\t\t\t\t\t\t\t\t\t\t<\/span>\n\t\t\t\t\t\t\t\t\t\t\t\t<a href=\"\" class=\"elementor-toggle-title\">Location de voiture<\/a>\n\t\t\t\t\t<\/div>\n\t\t\t\t\t<div id=\"elementor-tab-content-1042\" class=\"elementor-tab-content elementor-clearfix\" data-tab=\"2\" role=\"tabpanel\" aria-labelledby=\"elementor-tab-title-1042\"><ul><li>Garage de la Plage (\u00e0 200 m de l&rsquo;H\u00f4tel Centre Plage &#8211; loue \u00e9galement des buggy) 04.68.81.06.26 ou 04.68.81.03.65<\/li><li>Garage Citro\u00ebn 04.68.81.45.45<\/li><li>Garage Renault 04.68.81.12.29<\/li><li>Garage des Verdiers 04.68.81.16.85<\/li><\/ul><\/div>\n\t\t\t\t<\/div>\n\t\t\t\t\t\t\t<div class=\"elementor-toggle-item\">\n\t\t\t\t\t<div id=\"elementor-tab-title-1043\" class=\"elementor-tab-title\" data-tab=\"3\" role=\"tab\" aria-controls=\"elementor-tab-content-1043\" aria-expanded=\"false\">\n\t\t\t\t\t\t\t\t\t\t\t\t<span class=\"elementor-toggle-icon elementor-toggle-icon-left\" aria-hidden=\"true\">\n\t\t\t\t\t\t\t\t\t\t\t\t\t\t\t<span class=\"elementor-toggle-icon-closed\"><i class=\"fas fa-caret-right\"><\/i><\/span>\n\t\t\t\t\t\t\t\t<span class=\"elementor-toggle-icon-opened\"><i class=\"elementor-toggle-icon-opened fas fa-caret-up\"><\/i><\/span>\n\t\t\t\t\t\t\t\t\t\t\t\t\t<\/span>\n\t\t\t\t\t\t\t\t\t\t\t\t<a href=\"\" class=\"elementor-toggle-title\">Gare SNCF<\/a>\n\t\t\t\t\t<\/div>\n\t\t\t\t\t<div id=\"elementor-tab-content-1043\" class=\"elementor-tab-content elementor-clearfix\" data-tab=\"3\" role=\"tabpanel\" aria-labelledby=\"elementor-tab-title-1043\"><p>\u00a0La\u00a0<strong><span class=\"ic_color1\">\u00a0GARE SNCF\u00a0<\/span><\/strong>d&rsquo;Argel\u00e8s\/mer se trouve \u00e0 2,5 Km de l&rsquo;H\u00f4tel Centre Plage.<\/p><p>Vous pouvez venir jusqu&rsquo;\u00e0 l&rsquo;h\u00f4tel en\u00a0<strong><span class=\"ic_color1\">taxi<\/span><\/strong>\u00a0(comptez environ 8 \u00e0 10 \u20ac, hors dimanche et f\u00eates)<\/p><ul><li>Taxis ALAZARD 04.68.81.05.12<\/li><li>Argel\u00e8s Taxis 04.68.81.09.11\u00a0<a href=\"mailto:didier.torrano@gmail.com\">didier.torrano@gmail.com<\/a><\/li><li>Taxis Capeille 04.68.81.30.32\u00a0<a href=\"mailto:capeille.66@wanadoo.fr\">capeille.66@wanadoo.fr<\/a><\/li><\/ul><\/div>\n\t\t\t\t<\/div>\n\t\t\t\t\t\t\t<div class=\"elementor-toggle-item\">\n\t\t\t\t\t<div id=\"elementor-tab-title-1044\" class=\"elementor-tab-title\" data-tab=\"4\" role=\"tab\" aria-controls=\"elementor-tab-content-1044\" aria-expanded=\"false\">\n\t\t\t\t\t\t\t\t\t\t\t\t<span class=\"elementor-toggle-icon elementor-toggle-icon-left\" aria-hidden=\"true\">\n\t\t\t\t\t\t\t\t\t\t\t\t\t\t\t<span class=\"elementor-toggle-icon-closed\"><i class=\"fas fa-caret-right\"><\/i><\/span>\n\t\t\t\t\t\t\t\t<span class=\"elementor-toggle-icon-opened\"><i class=\"elementor-toggle-icon-opened fas fa-caret-up\"><\/i><\/span>\n\t\t\t\t\t\t\t\t\t\t\t\t\t<\/span>\n\t\t\t\t\t\t\t\t\t\t\t\t<a href=\"\" class=\"elementor-toggle-title\">Bus \u00e0 1 euro<\/a>\n\t\t\t\t\t<\/div>\n\t\t\t\t\t<div id=\"elementor-tab-content-1044\" class=\"elementor-tab-content elementor-clearfix\" data-tab=\"4\" role=\"tabpanel\" aria-labelledby=\"elementor-tab-title-1044\"><p>Le<strong><span class=\"ic_color1\">\u00a0BUS \u00e0 1 \u20ac\u00a0<\/span><\/strong>du Conseil G\u00e9n\u00e9ral des Pyr\u00e9n\u00e9es Orientales<\/p><p>Vers Perpignan, Cerb\u00e8re ou C\u00e9ret. &#8211; <a href=\"https:\/\/www.argeles-sur-mer.com\/infos-pratiques\/transports\/\">Info voyageurs<\/a> : 04.68.80.80.80<\/p><\/div>\n\t\t\t\t<\/div>\n\t\t\t\t\t\t\t<div class=\"elementor-toggle-item\">\n\t\t\t\t\t<div id=\"elementor-tab-title-1045\" class=\"elementor-tab-title\" data-tab=\"5\" role=\"tab\" aria-controls=\"elementor-tab-content-1045\" aria-expanded=\"false\">\n\t\t\t\t\t\t\t\t\t\t\t\t<span class=\"elementor-toggle-icon elementor-toggle-icon-left\" aria-hidden=\"true\">\n\t\t\t\t\t\t\t\t\t\t\t\t\t\t\t<span class=\"elementor-toggle-icon-closed\"><i class=\"fas fa-caret-right\"><\/i><\/span>\n\t\t\t\t\t\t\t\t<span class=\"elementor-toggle-icon-opened\"><i class=\"elementor-toggle-icon-opened fas fa-caret-up\"><\/i><\/span>\n\t\t\t\t\t\t\t\t\t\t\t\t\t<\/span>\n\t\t\t\t\t\t\t\t\t\t\t\t<a href=\"\" class=\"elementor-toggle-title\">Train-bus<\/a>\n\t\t\t\t\t<\/div>\n\t\t\t\t\t<div id=\"elementor-tab-content-1045\" class=\"elementor-tab-content elementor-clearfix\" data-tab=\"5\" role=\"tabpanel\" aria-labelledby=\"elementor-tab-title-1045\"><ul><li>De juin \u00e0 septembre, disponible 7\/7 jours, de 9 h \u00e0 24 h (tarif, par exemple, en 2012 : 4.50 \u20ac l&rsquo;aller-retour par adulte et 3.50 \u20ac par enfant de 4 \u00e0 10 ans).<\/li><li>D&rsquo;octobre \u00e0 mai, disponible du lundi au samedi de 9 h \u00e0 18 h, transport gratuit du village \u00e0 la plage, en passant par le port et la zone d&rsquo;activit\u00e9s. <a href=\"https:\/\/www.argeles-sur-mer.com\/infos-pratiques\/transports\/\">Dessert tout Argel\u00e8s<\/a>.<\/li><\/ul><\/div>\n\t\t\t\t<\/div>\n\t\t\t\t\t\t\t<div class=\"elementor-toggle-item\">\n\t\t\t\t\t<div id=\"elementor-tab-title-1046\" class=\"elementor-tab-title\" data-tab=\"6\" role=\"tab\" aria-controls=\"elementor-tab-content-1046\" aria-expanded=\"false\">\n\t\t\t\t\t\t\t\t\t\t\t\t<span class=\"elementor-toggle-icon elementor-toggle-icon-left\" aria-hidden=\"true\">\n\t\t\t\t\t\t\t\t\t\t\t\t\t\t\t<span class=\"elementor-toggle-icon-closed\"><i class=\"fas fa-caret-right\"><\/i><\/span>\n\t\t\t\t\t\t\t\t<span class=\"elementor-toggle-icon-opened\"><i class=\"elementor-toggle-icon-opened fas fa-caret-up\"><\/i><\/span>\n\t\t\t\t\t\t\t\t\t\t\t\t\t<\/span>\n\t\t\t\t\t\t\t\t\t\t\t\t<a href=\"\" class=\"elementor-toggle-title\">ATV<\/a>\n\t\t\t\t\t<\/div>\n\t\t\t\t\t<div id=\"elementor-tab-content-1046\" class=\"elementor-tab-content elementor-clearfix\" data-tab=\"6\" role=\"tabpanel\" aria-labelledby=\"elementor-tab-title-1046\"><p>En saison, juste \u00e0 100 m de l&rsquo;H\u00f4tel Centre Plage, <a href=\"https:\/\/www.argeles-tourisme.com\/\">Argel\u00e8s Tourisme Voyages<\/a> propose des excursions de juin \u00e0 septembre :<\/p><p>Barcelone,\u00a0le\u00a0train jaune, Figueras, Le Pic du Canigo, Le Pas de la Case&#8230;<\/p><\/div>\n\t\t\t\t<\/div>\n\t\t\t\t\t\t\t\t<\/div>\n\t\t\t\t<\/div>\n\t\t\t\t<\/div>\n\t\t\t\t\t<\/div>\n\t\t<\/div>\n\t\t\t\t\t\t\t<\/div>\n\t\t<\/section>\n\t\t\t\t\t\t<\/div>\n\t\t\t\t\t<\/div>\n\t\t","protected":false},"excerpt":{"rendered":"<p>L&rsquo;h\u00f4tel centre plage ** d&rsquo;Argel\u00e8s-sur-mer est ouvert toute l&rsquo;ann\u00e9e, et id\u00e9alement situ\u00e9&nbsp;\u00e0 100 m\u00e8tres de la grande plage&nbsp;et de sa promenade, au coeur de l&rsquo;animation estivale et \u00e0 proximit\u00e9 du port de plaisance (Port Argel\u00e8s).&nbsp; Famille Pour leur faire vivre des aventures qui changent de la routine et se reconnecter avec les siens ! Ici, [&hellip;]<\/p>\n","protected":false},"author":2,"featured_media":0,"parent":0,"menu_order":0,"comment_status":"closed","ping_status":"closed","template":"page-full-width.php","meta":[],"yoast_head":"<!-- This site is optimized with the Yoast SEO plugin v16.3 - https:\/\/yoast.com\/wordpress\/plugins\/seo\/ -->\n<title>About - Hotel Centre Plage<\/title>\n<meta name=\"robots\" content=\"index, follow, max-snippet:-1, max-image-preview:large, max-video-preview:-1\" \/>\n<link rel=\"canonical\" href=\"http:\/\/www.dev.centreplage.com\/index.php\/language\/en\/about\/\" \/>\n<meta property=\"og:locale\" content=\"fr_FR\" \/>\n<meta property=\"og:type\" content=\"article\" \/>\n<meta property=\"og:title\" content=\"About - Hotel Centre Plage\" \/>\n<meta property=\"og:description\" content=\"L&rsquo;h\u00f4tel centre plage ** d&rsquo;Argel\u00e8s-sur-mer est ouvert toute l&rsquo;ann\u00e9e, et id\u00e9alement situ\u00e9&nbsp;\u00e0 100 m\u00e8tres de la grande plage&nbsp;et de sa promenade, au coeur de l&rsquo;animation estivale et \u00e0 proximit\u00e9 du port de plaisance (Port Argel\u00e8s).&nbsp; Famille Pour leur faire vivre des aventures qui changent de la routine et se reconnecter avec les siens ! Ici, [&hellip;]\" \/>\n<meta property=\"og:url\" content=\"http:\/\/www.dev.centreplage.com\/index.php\/language\/en\/about\/\" \/>\n<meta property=\"og:site_name\" content=\"Hotel Centre Plage\" \/>\n<meta property=\"article:modified_time\" content=\"2021-05-16T17:49:59+00:00\" \/>\n<meta property=\"og:image\" content=\"http:\/\/www.dev.centreplage.com\/wp-content\/uploads\/2021\/05\/FAMILLE-e1620153934731.png\" \/>\n<meta name=\"twitter:card\" content=\"summary_large_image\" \/>\n<meta name=\"twitter:label1\" content=\"Dur\u00e9e de lecture est.\">\n\t<meta name=\"twitter:data1\" content=\"5 minutes\">\n<script type=\"application\/ld+json\" class=\"yoast-schema-graph\">{\"@context\":\"https:\/\/schema.org\",\"@graph\":[{\"@type\":\"Organization\",\"@id\":\"https:\/\/www.dev.centreplage.com\/index.php\/language\/fr\/accueil\/#organization\",\"name\":\"Hotel Centre Plage\",\"url\":\"https:\/\/www.dev.centreplage.com\/index.php\/language\/fr\/accueil\/\",\"sameAs\":[],\"logo\":{\"@type\":\"ImageObject\",\"@id\":\"https:\/\/www.dev.centreplage.com\/index.php\/language\/fr\/accueil\/#logo\",\"inLanguage\":\"fr-FR\",\"url\":\"http:\/\/www.dev.centreplage.com\/wp-content\/uploads\/2021\/04\/LOGO-SIMPLE.png\",\"contentUrl\":\"http:\/\/www.dev.centreplage.com\/wp-content\/uploads\/2021\/04\/LOGO-SIMPLE.png\",\"width\":256,\"height\":223,\"caption\":\"Hotel Centre Plage\"},\"image\":{\"@id\":\"https:\/\/www.dev.centreplage.com\/index.php\/language\/fr\/accueil\/#logo\"}},{\"@type\":\"WebSite\",\"@id\":\"https:\/\/www.dev.centreplage.com\/index.php\/language\/fr\/accueil\/#website\",\"url\":\"https:\/\/www.dev.centreplage.com\/index.php\/language\/fr\/accueil\/\",\"name\":\"Hotel Centre Plage\",\"description\":\"Hotel \\u00e0 Argel\\u00e8s-sur-mer\",\"publisher\":{\"@id\":\"https:\/\/www.dev.centreplage.com\/index.php\/language\/fr\/accueil\/#organization\"},\"potentialAction\":[{\"@type\":\"SearchAction\",\"target\":\"https:\/\/www.dev.centreplage.com\/index.php\/language\/fr\/accueil\/?s={search_term_string}\",\"query-input\":\"required name=search_term_string\"}],\"inLanguage\":\"fr-FR\"},{\"@type\":\"ImageObject\",\"@id\":\"http:\/\/www.dev.centreplage.com\/index.php\/language\/en\/about\/#primaryimage\",\"inLanguage\":\"fr-FR\",\"url\":\"http:\/\/www.dev.centreplage.com\/wp-content\/uploads\/2021\/05\/FAMILLE-e1620153934731.png\",\"contentUrl\":\"http:\/\/www.dev.centreplage.com\/wp-content\/uploads\/2021\/05\/FAMILLE-e1620153934731.png\"},{\"@type\":\"WebPage\",\"@id\":\"http:\/\/www.dev.centreplage.com\/index.php\/language\/en\/about\/#webpage\",\"url\":\"http:\/\/www.dev.centreplage.com\/index.php\/language\/en\/about\/\",\"name\":\"About - Hotel Centre Plage\",\"isPartOf\":{\"@id\":\"https:\/\/www.dev.centreplage.com\/index.php\/language\/fr\/accueil\/#website\"},\"primaryImageOfPage\":{\"@id\":\"http:\/\/www.dev.centreplage.com\/index.php\/language\/en\/about\/#primaryimage\"},\"datePublished\":\"2021-05-16T17:22:45+00:00\",\"dateModified\":\"2021-05-16T17:49:59+00:00\",\"breadcrumb\":{\"@id\":\"http:\/\/www.dev.centreplage.com\/index.php\/language\/en\/about\/#breadcrumb\"},\"inLanguage\":\"fr-FR\",\"potentialAction\":[{\"@type\":\"ReadAction\",\"target\":[\"http:\/\/www.dev.centreplage.com\/index.php\/language\/en\/about\/\"]}]},{\"@type\":\"BreadcrumbList\",\"@id\":\"http:\/\/www.dev.centreplage.com\/index.php\/language\/en\/about\/#breadcrumb\",\"itemListElement\":[{\"@type\":\"ListItem\",\"position\":1,\"item\":{\"@type\":\"WebPage\",\"@id\":\"https:\/\/www.dev.centreplage.com\/index.php\/language\/fr\/accueil\/\",\"url\":\"https:\/\/www.dev.centreplage.com\/index.php\/language\/fr\/accueil\/\",\"name\":\"Accueil\"}},{\"@type\":\"ListItem\",\"position\":2,\"item\":{\"@id\":\"http:\/\/www.dev.centreplage.com\/index.php\/language\/en\/about\/#webpage\"}}]}]}<\/script>\n<!-- \/ Yoast SEO plugin. -->","_links":{"self":[{"href":"https:\/\/www.dev.centreplage.com\/index.php\/wp-json\/wp\/v2\/pages\/6082"}],"collection":[{"href":"https:\/\/www.dev.centreplage.com\/index.php\/wp-json\/wp\/v2\/pages"}],"about":[{"href":"https:\/\/www.dev.centreplage.com\/index.php\/wp-json\/wp\/v2\/types\/page"}],"author":[{"embeddable":true,"href":"https:\/\/www.dev.centreplage.com\/index.php\/wp-json\/wp\/v2\/users\/2"}],"replies":[{"embeddable":true,"href":"https:\/\/www.dev.centreplage.com\/index.php\/wp-json\/wp\/v2\/comments?post=6082"}],"version-history":[{"count":5,"href":"https:\/\/www.dev.centreplage.com\/index.php\/wp-json\/wp\/v2\/pages\/6082\/revisions"}],"predecessor-version":[{"id":6133,"href":"https:\/\/www.dev.centreplage.com\/index.php\/wp-json\/wp\/v2\/pages\/6082\/revisions\/6133"}],"wp:attachment":[{"href":"https:\/\/www.dev.centreplage.com\/index.php\/wp-json\/wp\/v2\/media?parent=6082"}],"curies":[{"name":"wp","href":"https:\/\/api.w.org\/{rel}","templated":true}]}}